{"id":15762,"date":"2015-05-20T12:24:34","date_gmt":"2015-05-20T10:24:34","guid":{"rendered":"https:\/\/www.mayoralassessors.es\/qui-som-i-que-fem\/"},"modified":"2025-09-25T18:27:39","modified_gmt":"2025-09-25T16:27:39","slug":"presentacion","status":"publish","type":"page","link":"https:\/\/www.mayoralassessors.es\/es\/presentacion\/","title":{"rendered":"EL DESPACHO"},"content":{"rendered":"<p>[vc_row css_animation=\u00bb\u00bb row_type=\u00bbrow\u00bb use_row_as_full_screen_section=\u00bbno\u00bb type=\u00bbfull_width\u00bb angled_section=\u00bbno\u00bb text_align=\u00bbleft\u00bb background_image_as_pattern=\u00bbwithout_pattern\u00bb][vc_column][vc_single_image image=\u00bb16131&#8243; img_size=\u00bbfull\u00bb alignment=\u00bbcenter\u00bb qode_css_animation=\u00bb\u00bb][\/vc_column][\/vc_row][vc_row css_animation=\u00bb\u00bb row_type=\u00bbrow\u00bb use_row_as_full_screen_section=\u00bbno\u00bb type=\u00bbfull_width\u00bb angled_section=\u00bbno\u00bb text_align=\u00bbleft\u00bb background_image_as_pattern=\u00bbwithout_pattern\u00bb padding_top=\u00bb80&#8243; padding_bottom=\u00bb70&#8243; equal_height=\u00bbyes\u00bb][vc_column width=\u00bb1\/2&#8243;][vc_column_text]<\/p>\n<h3 class=\"titular_servei\"><strong>PROFESIONALES A VUESTRO SERVICIO<\/strong><\/h3>\n<h4 style=\"text-align: justify;\">Nuestro equipo lo componen profesionales de primer nivel con una larga trayectoria en los \u00e1mbitos de la asesor\u00eda fiscal, laboral y contable.<\/h4>\n<h4 style=\"text-align: justify;\"><\/h4>\n<h4 style=\"text-align: justify;\">Las personas como capital humano y unido como un equipo, son el valor a\u00f1adido de MAYORAL ASSESSORS.<\/h4>\n<p>[\/vc_column_text][\/vc_column][vc_column width=\u00bb1\/2&#8243;][vc_column_text]<\/p>\n<p style=\"text-align: justify;\"><strong>MAYORAL ASSESSORS<\/strong> despacho profesional dedicado a la asesor\u00eda fiscal, laboral y contable situado en el centro neur\u00e1lgico de negocios de Barcelona, en la calle Tuset, 24,\u00a0 planta 4. Nuestra trayectoria en el mundo del asesoramiento empresarial empez\u00f3 en 1948. A largo de estos a\u00f1os, hemos vivido muchos cambios a los que nos hemos adaptado con \u00e9xito manteniendo intactos nuestros valores y comprometidos con nuestros clientes. Este compromiso y el valor a\u00f1adido de nuestra firma; nuestro equipo, nos permiten cada d\u00eda poder seguir ofreciendo un servicio de la m\u00e1xima calidad.<\/p>\n<p>[\/vc_column_text][\/vc_column][\/vc_row][vc_row css_animation=\u00bb\u00bb row_type=\u00bbrow\u00bb use_row_as_full_screen_section=\u00bbno\u00bb type=\u00bbfull_width\u00bb angled_section=\u00bbno\u00bb text_align=\u00bbleft\u00bb background_image_as_pattern=\u00bbwithout_pattern\u00bb css=\u00bb.vc_custom_1582907061505{margin-top: 0px !important;border-top-width: 0px !important;padding-bottom: 60px !important;}\u00bb z_index=\u00bb\u00bb][vc_column][vc_separator type=\u00bbnormal\u00bb color=\u00bb#d8d9da\u00bb thickness=\u00bb1px\u00bb up=\u00bb0&#8243; down=\u00bb20px\u00bb][vc_column_text css=\u00bb.vc_custom_1603729586953{padding-top: 25px !important;}\u00bb]<\/p>\n<h2 class=\"titular_servei\" style=\"text-align: left;\">NUESTRO EQUIPO<\/h2>\n<p>[\/vc_column_text][\/vc_column][\/vc_row][vc_row css_animation=\u00bb\u00bb row_type=\u00bbrow\u00bb use_row_as_full_screen_section=\u00bbno\u00bb type=\u00bbfull_width\u00bb angled_section=\u00bbno\u00bb text_align=\u00bbleft\u00bb background_image_as_pattern=\u00bbwithout_pattern\u00bb padding_bottom=\u00bb90&#8243; css=\u00bb.vc_custom_1603451506144{margin-bottom: 50px !important;}\u00bb z_index=\u00bb\u00bb el_class=\u00bbequip\u00bb][vc_column width=\u00bb1\/4&#8243;][vc_column_text css=\u00bb.vc_custom_1701271043380{border-top-width: 0px !important;border-right-width: 0px !important;border-bottom-width: 6px !important;border-left-width: 0px !important;background-color: #e8e8e8 !important;border-left-color: #37557c !important;border-right-color: #37557c !important;border-top-color: #37557c !important;border-bottom-color: #37557c !important;}\u00bb el_class=\u00bbequip-fitxa\u00bb]<\/p>\n<h2 class=\"nombre\"><a href=\"mailto:xavier@mayoralassessors.es\">XAVIER<br \/>\nMAYORAL i JOV\u00c9<\/a><\/h2>\n<h4 class=\"nombre posicion\">Asesor Fiscal<br \/>\nSocio Fundador<\/h4>\n<p>[\/vc_column_text][vc_column_text css=\u00bb.vc_custom_1608288754295{padding-top: 15% !important;}\u00bb]<\/p>\n<p class=\"p1\" style=\"text-align: left;\">Como Socio Director estoy implicado en la coordinaci\u00f3n de cada una de las \u00e1reas del despacho.<\/p>\n<p style=\"text-align: left;\">Asumo la responsabilidad de las actuaciones profesionales.<\/p>\n<p>[\/vc_column_text][vc_column_text css=\u00bb.vc_custom_1608222735161{border-top-width: 1px !important;border-bottom-width: 1px !important;border-top-color: #d8d8d8 !important;border-top-style: s\u00f2lid !important;border-bottom-color: #d8d8d8 !important;border-bottom-style: s\u00f2lid !important;}\u00bb el_class=\u00bbmail-equip\u00bb]<\/p>\n<p class=\"p1\"><a href=\"mailto:xavier@mayoralassessors.es\"><span data-type=\"normal\"  class=\"qode_icon_shortcode  q_font_awsome_icon fa-lg  \" style=\"margin: 0 5px 0 0; \"><i class=\"qode_icon_font_awesome fa fa-envelope qode_icon_element\" style=\"color: #37557C;\" ><\/i><\/span> xavier@mayoralassessors.es<\/a><\/p>\n<p>[\/vc_column_text][\/vc_column][vc_column width=\u00bb1\/4&#8243; css=\u00bb.vc_custom_1602229017367{margin-bottom: 5% !important;}\u00bb][vc_column_text css=\u00bb.vc_custom_1758817491702{border-top-width: 0px !important;border-right-width: 0px !important;border-bottom-width: 6px !important;border-left-width: 0px !important;background-color: #e8e8e8 !important;border-left-color: #37557c !important;border-right-color: #37557c !important;border-top-color: #37557c !important;border-bottom-color: #37557c !important;}\u00bb el_class=\u00bbequip-fitxa\u00bb]<\/p>\n<h2 class=\"nombre\"><a href=\"mailto:anna@mayoralassessors.es\">ANNA<br \/>\nANTICH<\/a><\/h2>\n<h4 class=\"nombre posicion\">Direcci\u00f3n Administrativa<br \/>\nCoordinadora de Gesti\u00f3n<\/h4>\n<p>[\/vc_column_text][vc_column_text css=\u00bb.vc_custom_1608288763381{padding-top: 15% !important;}\u00bb]<\/p>\n<p style=\"text-align: left;\">Directora Administrativa y Coordinadora de Gesti\u00f3n, nos organiza y realiza el seguimiento de los expedientes cumpliendo con los plazos establecidos.<\/p>\n<p>[\/vc_column_text][vc_column_text css=\u00bb.vc_custom_1608222673608{border-top-width: 1px !important;border-bottom-width: 1px !important;border-top-color: #d8d8d8 !important;border-top-style: s\u00f2lid !important;border-bottom-color: #d8d8d8 !important;border-bottom-style: s\u00f2lid !important;}\u00bb el_class=\u00bbmail-equip\u00bb]<\/p>\n<p class=\"p1\"><a href=\"mailto:anna@mayoralassessors.es\"><span data-type=\"normal\"  class=\"qode_icon_shortcode  q_font_awsome_icon fa-lg  \" style=\"margin: 0 5px 0 0; \"><i class=\"qode_icon_font_awesome fa fa-envelope qode_icon_element\" style=\"color: #37557C;\" ><\/i><\/span> anna@mayoralassessors.es<\/a><\/p>\n<p>[\/vc_column_text][\/vc_column][vc_column width=\u00bb1\/4&#8243;][vc_column_text css=\u00bb.vc_custom_1608222754968{border-top-width: 0px !important;border-right-width: 0px !important;border-bottom-width: 6px !important;border-left-width: 0px !important;background-color: #e8e8e8 !important;border-left-color: #37557c !important;border-right-color: #37557c !important;border-top-color: #37557c !important;border-bottom-color: #37557c !important;}\u00bb el_class=\u00bbequip-fitxa\u00bb]<\/p>\n<h2 class=\"nombre\"><a href=\"mailto:nuria@mayoralassessors.es\">N\u00daRIA<br \/>\nBELTRAN<\/a><\/h2>\n<h4 class=\"nombre posicion\">Graduada Social<br \/>\nRecursos Humanos<\/h4>\n<p>[\/vc_column_text][vc_column_text css=\u00bb.vc_custom_1701271552003{padding-top: 15% !important;}\u00bb]<\/p>\n<div class=\"traductor-textarea form-group\">\n<div class=\"textarea-desti col-xs-12 col-sm-6\">\n<p class=\"form-control second-textarea\" style=\"text-align: left;\">Desde enero de 1997 que se incorpora a MAYORAL es la responsable de Recursos Humanos, su pedagog\u00eda y empat\u00eda son exquisitas.<\/p>\n<\/div>\n<\/div>\n<h2><\/h2>\n<div><\/div>\n<div><\/div>\n<div class=\"row\"><\/div>\n<div><\/div>\n<p>[\/vc_column_text][vc_column_text css=\u00bb.vc_custom_1608222678838{border-top-width: 1px !important;border-bottom-width: 1px !important;border-top-color: #d8d8d8 !important;border-top-style: s\u00f2lid !important;border-bottom-color: #d8d8d8 !important;border-bottom-style: s\u00f2lid !important;}\u00bb el_class=\u00bbmail-equip\u00bb]<\/p>\n<p class=\"p1\"><a href=\"mailto:nuria@mayoralassessors.es\"><span data-type=\"normal\"  class=\"qode_icon_shortcode  q_font_awsome_icon fa-lg  \" style=\"margin: 0 5px 0 0; \"><i class=\"qode_icon_font_awesome fa fa-envelope qode_icon_element\" style=\"color: #37557C;\" ><\/i><\/span> nuria@mayoralassessors.es<\/a><\/p>\n<p>[\/vc_column_text][\/vc_column][vc_column width=\u00bb1\/4&#8243;][vc_column_text css=\u00bb.vc_custom_1608222760182{border-top-width: 0px !important;border-right-width: 0px !important;border-bottom-width: 6px !important;border-left-width: 0px !important;background-color: #e8e8e8 !important;border-left-color: #37557c !important;border-left-style: s\u00f2lid !important;border-right-color: #37557c !important;border-right-style: s\u00f2lid !important;border-top-color: #37557c !important;border-top-style: s\u00f2lid !important;border-bottom-color: #37557c !important;border-bottom-style: s\u00f2lid !important;}\u00bb el_class=\u00bbequip-fitxa\u00bb]<\/p>\n<h2 class=\"nombre\"><a href=\"mailto:cristina@mayoralassessors.es\">CRISTINA<br \/>\nBAR\u00d3<\/a><\/h2>\n<h4 class=\"nombre posicion\">Administraci\u00f3n y Direcci\u00f3n de Empresas<\/h4>\n<p>[\/vc_column_text][vc_column_text css=\u00bb.vc_custom_1608288787203{padding-top: 15% !important;}\u00bb]<\/p>\n<p class=\"p1\" style=\"text-align: left;\">Organizada y meticulosa con la contabilidad y la fiscalidad, nos da la paz y la calma que necesitamos nosotros y los clientes, as\u00ed se\u00a0 lo agradecemos y reconocemos.<\/p>\n<p>[\/vc_column_text][vc_column_text css=\u00bb.vc_custom_1608222685785{border-top-width: 1px !important;border-bottom-width: 1px !important;border-top-color: #d8d8d8 !important;border-top-style: s\u00f2lid !important;border-bottom-color: #d8d8d8 !important;border-bottom-style: s\u00f2lid !important;}\u00bb el_class=\u00bbmail-equip\u00bb]<\/p>\n<p class=\"p1\"><a href=\"mailto:cristina@mayoralassessors.es\"><span data-type=\"normal\"  class=\"qode_icon_shortcode  q_font_awsome_icon fa-lg  \" style=\"margin: 0 5px 0 0; \"><i class=\"qode_icon_font_awesome fa fa-envelope qode_icon_element\" style=\"color: #37557C;\" ><\/i><\/span> cristina@mayoralassessors.es<\/a><\/p>\n<p>[\/vc_column_text][\/vc_column][\/vc_row][vc_row css_animation=\u00bb\u00bb row_type=\u00bbrow\u00bb use_row_as_full_screen_section=\u00bbno\u00bb type=\u00bbfull_width\u00bb angled_section=\u00bbno\u00bb text_align=\u00bbleft\u00bb background_image_as_pattern=\u00bbwithout_pattern\u00bb padding_bottom=\u00bb90&#8243; css=\u00bb.vc_custom_1603451510512{margin-bottom: 50px !important;}\u00bb z_index=\u00bb\u00bb el_class=\u00bbequip\u00bb][vc_column width=\u00bb1\/4&#8243;][vc_column_text css=\u00bb.vc_custom_1608222766232{border-top-width: 0px !important;border-right-width: 0px !important;border-bottom-width: 6px !important;border-left-width: 0px !important;background-color: #e8e8e8 !important;border-left-color: #37557c !important;border-left-style: s\u00f2lid !important;border-right-color: #37557c !important;border-right-style: s\u00f2lid !important;border-top-color: #37557c !important;border-top-style: s\u00f2lid !important;border-bottom-color: #37557c !important;border-bottom-style: s\u00f2lid !important;}\u00bb el_class=\u00bbequip-fitxa\u00bb]<\/p>\n<h2 class=\"nombre\"><a href=\"mailto:bea@mayoralassessors.es\">BEA<br \/>\nRODRIGUEZ<\/a><\/h2>\n<h4 class=\"nombre posicion\">Gesti\u00f3n Laboral<br \/>\nRecursos Humanos<\/h4>\n<p>[\/vc_column_text][vc_column_text css=\u00bb.vc_custom_1608288796324{padding-top: 15% !important;}\u00bb]<\/p>\n<p class=\"p1\" style=\"text-align: left;\">Gestiona las n\u00f3minas de las empresas que tiene asignadas, pero al mismo tiempo tiene un sexto sentido que est\u00e1 a todas y nunca hemos sabido como lo hace. Siempre sonr\u00ede.<\/p>\n<p>[\/vc_column_text][vc_column_text css=\u00bb.vc_custom_1608222692611{border-top-width: 1px !important;border-bottom-width: 1px !important;border-top-color: #d8d8d8 !important;border-top-style: s\u00f2lid !important;border-bottom-color: #d8d8d8 !important;border-bottom-style: s\u00f2lid !important;}\u00bb el_class=\u00bbmail-equip\u00bb]<\/p>\n<p class=\"p1\"><a href=\"mailto:bea@mayoralassessors.es\"><span data-type=\"normal\"  class=\"qode_icon_shortcode  q_font_awsome_icon fa-lg  \" style=\"margin: 0 5px 0 0; \"><i class=\"qode_icon_font_awesome fa fa-envelope qode_icon_element\" style=\"color: #37557C;\" ><\/i><\/span> bea@mayoralassessors.es<\/a><\/p>\n<p>[\/vc_column_text][\/vc_column][vc_column width=\u00bb1\/4&#8243;][vc_column_text css=\u00bb.vc_custom_1631544335764{border-top-width: 0px !important;border-right-width: 0px !important;border-bottom-width: 6px !important;border-left-width: 0px !important;background-color: #e8e8e8 !important;border-left-color: #37557c !important;border-right-color: #37557c !important;border-top-color: #37557c !important;border-bottom-color: #37557c !important;}\u00bb el_class=\u00bbequip-fitxa\u00bb]<\/p>\n<h2 class=\"nombre\"><a href=\"mailto:belen@mayoralassessors.es\">BEL\u00c9N<br \/>\nMERCHANT<\/a><\/h2>\n<h4 class=\"nombre posicion\">Responsable<br \/>\n\u00c1rea Contable<\/h4>\n<p>[\/vc_column_text][vc_column_text css=\u00bb.vc_custom_1608288807604{padding-top: 15% !important;}\u00bb]<\/p>\n<p class=\"p1\" style=\"text-align: left;\">Tecnol\u00f3gica, con una formaci\u00f3n contable excelente, domina los innovadores softwares que utilizamos de f\u00e1bula. Alg\u00fan cliente la ha querido fichar, siempre se ha negado.<\/p>\n<p>[\/vc_column_text][vc_column_text css=\u00bb.vc_custom_1608222699523{border-top-width: 1px !important;border-bottom-width: 1px !important;border-top-color: #d8d8d8 !important;border-top-style: s\u00f2lid !important;border-bottom-color: #d8d8d8 !important;border-bottom-style: s\u00f2lid !important;}\u00bb el_class=\u00bbmail-equip\u00bb]<\/p>\n<p class=\"p1\"><a href=\"mailto:belen@mayoralassessors.es\"><span data-type=\"normal\"  class=\"qode_icon_shortcode  q_font_awsome_icon fa-lg  \" style=\"margin: 0 5px 0 0; \"><i class=\"qode_icon_font_awesome fa fa-envelope qode_icon_element\" style=\"color: #37557C;\" ><\/i><\/span> belen@mayoralassessors.es<\/a><\/p>\n<p>[\/vc_column_text][\/vc_column][vc_column width=\u00bb1\/4&#8243;][vc_column_text css=\u00bb.vc_custom_1758817556684{border-top-width: 0px !important;border-right-width: 0px !important;border-bottom-width: 6px !important;border-left-width: 0px !important;background-color: #e8e8e8 !important;border-left-color: #37557c !important;border-right-color: #37557c !important;border-top-color: #37557c !important;border-bottom-color: #37557c !important;}\u00bb el_class=\u00bbequip-fitxa\u00bb]<\/p>\n<h2 class=\"nombre\"><a href=\"mailto:esteban@mayoralassessors.es\">ESTEBAN LIZAN MAURI<\/a><\/h2>\n<h2 class=\"nombre\"><\/h2>\n<h4 class=\"nombre posicion\">Experto Contable &#8211; Fiscal<\/h4>\n<p>[\/vc_column_text][vc_column_text css=\u00bb.vc_custom_1758817656721{padding-top: 15% !important;}\u00bb]<\/p>\n<p class=\"p1\" style=\"text-align: left;\">Con m\u00e1s de 20 a\u00f1os de experiencia en el \u00e1mbito contable y fiscal Esteban se incorpora a nuestro EQUIPO ofreciendo un nuevo valor a\u00f1adido a nuestros clientes como economista.<\/p>\n<p>[\/vc_column_text][vc_column_text css=\u00bb.vc_custom_1758817301250{border-top-width: 1px !important;border-bottom-width: 1px !important;border-top-color: #d8d8d8 !important;border-bottom-color: #d8d8d8 !important;}\u00bb el_class=\u00bbmail-equip\u00bb]<\/p>\n<p class=\"p1\"><span data-type=\"normal\"  class=\"qode_icon_shortcode  q_font_awsome_icon fa-lg  \" style=\"margin: 0 5px 0 0; \"><i class=\"qode_icon_font_awesome fa fa-envelope qode_icon_element\" style=\"color: #37557C;\" ><\/i><\/span> <a href=\"mailto:esteban@mayoralassessors.es\" target=\"_blank\" rel=\"noopener noreferrer\">esteban@mayoralassessors.es<\/a><\/p>\n<p>[\/vc_column_text][\/vc_column][\/vc_row][vc_row css_animation=\u00bb\u00bb row_type=\u00bbrow\u00bb use_row_as_full_screen_section=\u00bbno\u00bb type=\u00bbfull_width\u00bb angled_section=\u00bbno\u00bb text_align=\u00bbleft\u00bb background_image_as_pattern=\u00bbwithout_pattern\u00bb css=\u00bb.vc_custom_1582907061505{margin-top: 0px !important;border-top-width: 0px !important;padding-bottom: 60px !important;}\u00bb z_index=\u00bb\u00bb][vc_column][vc_separator type=\u00bbnormal\u00bb color=\u00bb#d8d9da\u00bb thickness=\u00bb1px\u00bb up=\u00bb0&#8243; down=\u00bb20px\u00bb][\/vc_column][\/vc_row][vc_row css_animation=\u00bb\u00bb row_type=\u00bbrow\u00bb use_row_as_full_screen_section=\u00bbno\u00bb type=\u00bbfull_width\u00bb angled_section=\u00bbno\u00bb text_align=\u00bbleft\u00bb background_image_as_pattern=\u00bbwithout_pattern\u00bb][vc_column][vc_empty_space][\/vc_column][\/vc_row]<\/p>\n","protected":false},"excerpt":{"rendered":"<p>[vc_row css_animation=\u00bb\u00bb row_type=\u00bbrow\u00bb use_row_as_full_screen_section=\u00bbno\u00bb type=\u00bbfull_width\u00bb angled_section=\u00bbno\u00bb text_align=\u00bbleft\u00bb background_image_as_pattern=\u00bbwithout_pattern\u00bb][vc_column][vc_single_image image=\u00bb16131&#8243; img_size=\u00bbfull\u00bb alignment=\u00bbcenter\u00bb qode_css_animation=\u00bb\u00bb][\/vc_column][\/vc_row][vc_row css_animation=\u00bb\u00bb row_type=\u00bbrow\u00bb use_row_as_full_screen_section=\u00bbno\u00bb type=\u00bbfull_width\u00bb angled_section=\u00bbno\u00bb text_align=\u00bbleft\u00bb background_image_as_pattern=\u00bbwithout_pattern\u00bb padding_top=\u00bb80&#8243; padding_bottom=\u00bb70&#8243; equal_height=\u00bbyes\u00bb][vc_column width=\u00bb1\/2&#8243;][vc_column_text] PROFESIONALES A VUESTRO SERVICIO Nuestro equipo lo componen profesionales de primer nivel con una larga trayectoria en los \u00e1mbitos de la asesor\u00eda&#8230;<\/p>\n","protected":false},"author":2,"featured_media":0,"parent":0,"menu_order":0,"comment_status":"open","ping_status":"closed","template":"","meta":[],"_links":{"self":[{"href":"https:\/\/www.mayoralassessors.es\/es\/wp-json\/wp\/v2\/pages\/15762\/"}],"collection":[{"href":"https:\/\/www.mayoralassessors.es\/es\/wp-json\/wp\/v2\/pages\/"}],"about":[{"href":"https:\/\/www.mayoralassessors.es\/es\/wp-json\/wp\/v2\/types\/page\/"}],"author":[{"embeddable":true,"href":"https:\/\/www.mayoralassessors.es\/es\/wp-json\/wp\/v2\/users\/2\/"}],"replies":[{"embeddable":true,"href":"https:\/\/www.mayoralassessors.es\/es\/wp-json\/wp\/v2\/comments\/?post=15762"}],"version-history":[{"count":148,"href":"https:\/\/www.mayoralassessors.es\/es\/wp-json\/wp\/v2\/pages\/15762\/revisions\/"}],"predecessor-version":[{"id":17324,"href":"https:\/\/www.mayoralassessors.es\/es\/wp-json\/wp\/v2\/pages\/15762\/revisions\/17324\/"}],"wp:attachment":[{"href":"https:\/\/www.mayoralassessors.es\/es\/wp-json\/wp\/v2\/media\/?parent=15762"}],"curies":[{"name":"wp","href":"https:\/\/api.w.org\/{rel}","templated":true}]}}